{"id":3,"date":"2022-07-21T15:17:02","date_gmt":"2022-07-21T13:17:02","guid":{"rendered":"https:\/\/www.zum55.it\/es\/?page_id=3"},"modified":"2024-03-12T12:22:29","modified_gmt":"2024-03-12T11:22:29","slug":"privacy-policy","status":"publish","type":"page","link":"https:\/\/www.zum55.it\/es\/privacy-policy\/","title":{"rendered":"Pol\u00edtica de privacidad"},"content":{"rendered":"<section id=\"bt_bb_section6a9a921a937c5\"  class=\"bt_bb_section bt_bb_layout_boxed_1200\"     data-bt-override-class=\"null\"><div class=\"bt_bb_port\"><div class=\"bt_bb_cell\"><div class=\"bt_bb_cell_inner\"><div class=\"bt_bb_row_wrapper\"><div  class=\"bt_bb_row\"  data-bt-override-class=\"{}\"><div  class=\"bt_bb_column col-xxl-12 col-xl-12 col-xs-12 col-sm-12 col-md-12 col-lg-12 bt_bb_vertical_align_top bt_bb_align_left bt_bb_padding_normal\"  data-width=\"12\" data-bt-override-class=\"{}\"><div class=\"bt_bb_column_content\"><div class=\"bt_bb_column_content_inner\"><div  class=\"bt_bb_text\" ><h3 style=\"text-align: justify;\"><span style=\"color: #3eab59;\"><strong>POL\u00cdTICA DE PRIVACIDAD\u00a0<\/strong><\/span><\/h3>\n<p style=\"text-align: justify;\">Este sitio web ofrece contenidos informativos e interactivos, por lo que durante la navegaci\u00f3n se podr\u00e1n adquirir datos personales; Por lo tanto, lo invitamos a leer y comprender completamente lo que se indica a continuaci\u00f3n antes de continuar con la navegaci\u00f3n.<\/p>\n<p style=\"text-align: justify;\"><strong>Porque proporcionamos la siguiente gu\u00eda.<\/strong><\/p>\n<p style=\"text-align: justify;\">En cumplimiento del Reglamento UE 2016\/679 (en adelante RGPD), que contiene normas relativas a la protecci\u00f3n de las personas f\u00edsicas en lo que respecta al tratamiento de datos personales, as\u00ed como a la libre circulaci\u00f3n de los mismos y la legislaci\u00f3n nacional del sector, ponemos a su disposici\u00f3n todos los informaci\u00f3n necesaria para que usted pueda decidir libremente si nos facilita o no sus datos personales. Precisamos a partir de ahora que al actuar observaremos los principios de correcci\u00f3n, licitud, transparencia y protecci\u00f3n de su privacidad y sus derechos.<\/p>\n<p style=\"text-align: justify;\"><strong>Quienes somos<\/strong><\/p>\n<p style=\"text-align: justify;\">La empresa <strong>Phacelia SB srl &#8211; IVA 02271220507<\/strong>, en la persona de su representante legal pro tempore, con domicilio social en <strong>via G. Volpe 3, Pisa (PI)<\/strong>, es el propietario de este sitio web y de los tratamientos de datos personales realizados a trav\u00e9s de \u00e9l.<\/p>\n<p style=\"text-align: justify;\"><strong>Nuestros datos de contacto<\/strong><\/p>\n<p style=\"text-align: justify;\">Para cualquier duda, necesidad de aclaraci\u00f3n y\/o preguntas en relaci\u00f3n con lo que se describe a continuaci\u00f3n, puede contactarnos escribiendo a la direcci\u00f3n de correo electr\u00f3nico <strong>info@phacelia.it<\/strong><\/p>\n<p style=\"text-align: justify;\"><strong>Informaci\u00f3n detallada sobre tratamientos<\/strong><\/p>\n<p style=\"text-align: justify;\">Nuestra empresa procesa los datos de los usuarios del sitio web seg\u00fan la informaci\u00f3n que se describe a continuaci\u00f3n:<\/p>\n<ol style=\"text-align: justify;\">\n<li><strong> Datos de navegaci\u00f3n<\/strong><\/li>\n<\/ol>\n<p style=\"text-align: justify;\">Los sistemas inform\u00e1ticos y los procedimientos de software utilizados para operar el Sitio adquieren, durante su funcionamiento normal, algunos Datos Personales cuya transmisi\u00f3n est\u00e1 impl\u00edcita en el uso de los protocolos de comunicaci\u00f3n de Internet. Se trata de informaci\u00f3n que no se recoge para ser asociada a interesados \u200b\u200bidentificados, pero que por su propia naturaleza podr\u00eda, mediante el tratamiento y la asociaci\u00f3n con datos en poder de terceros, permitir identificar a los usuarios. Esta categor\u00eda de datos incluye las direcciones IP o nombres de dominio de las computadoras utilizadas por los usuarios que se conectan al Sitio, las direcciones en notaci\u00f3n URI (Identificador uniforme de recursos) de los recursos solicitados, la hora de la solicitud, el m\u00e9todo utilizado en enviar la solicitud al servidor, el tama\u00f1o del archivo obtenido en respuesta, el c\u00f3digo num\u00e9rico que indica el estado de la respuesta dada por el servidor (\u00e9xito, error, etc.) y otros par\u00e1metros relacionados con el sistema operativo y el entorno inform\u00e1tico del usuario. . Estos datos se utilizan con el \u00fanico fin de obtener informaci\u00f3n estad\u00edstica an\u00f3nima sobre el uso del Sitio y comprobar su correcto funcionamiento, identificar anomal\u00edas y\/o abusos, y se eliminan inmediatamente despu\u00e9s del procesamiento. Los datos podr\u00edan utilizarse para determinar la responsabilidad en caso de hipot\u00e9ticos delitos inform\u00e1ticos contra el sitio o contra terceros: salvo esta eventualidad, los datos sobre los contactos web actualmente no persisten m\u00e1s de siete d\u00edas.<\/p>\n<ol style=\"text-align: justify;\" start=\"2\">\n<li><strong> Datos facilitados voluntariamente por el usuario: solicitud de contactos e informaci\u00f3n mediante la cumplimentaci\u00f3n de formularios o el env\u00edo de comunicaciones<\/strong><\/li>\n<\/ol>\n<ul style=\"text-align: justify;\">\n<li><strong>TIPO DE DATOS<\/strong>: Datos identificativos y de contacto: nombre y apellidos, direcci\u00f3n de correo electr\u00f3nico, instituci\u00f3n a la que pertenece as\u00ed como cualquier otro dato contenido en las comunicaciones que env\u00ede a nuestros datos de contacto.<\/li>\n<li><strong>FINALIDAD DEL TRATAMIENTO<\/strong>: Procesamos estos datos para responder a las solicitudes realizadas por usted y para proporcionar los servicios solicitados (por ejemplo, inscripci\u00f3n a cursos de formaci\u00f3n) La base legal que nos permite actuar de esta manera es el art.6, par.1, lit. B) del RGPD (finalidad contractual y\/o ejecuci\u00f3n de medidas precontractuales solicitadas por usted)<\/li>\n<li><strong>BASE LEGAL<\/strong>: No est\u00e1 obligado a proporcionar los datos aqu\u00ed indicados, sin embargo, no proporcionarlos podr\u00eda imposibilitarnos dar seguimiento a sus solicitudes.<\/li>\n<li><strong>CATEGOR\u00cdA DE DESTINATARIOS<\/strong>: Responsables externos seg\u00fan el art\u00edculo 28 del RGPD; Organismos o autoridades, que act\u00faan como responsables del tratamiento independientes, a los que la comunicaci\u00f3n de sus datos sea obligatoria por ley o por orden de la autoridad; autorizado para el procesamiento<\/li>\n<li><strong>PERIODOS DE ALMACENAMIENTO<\/strong>: Tiempo estrictamente necesario para procesar las solicitudes<\/li>\n<\/ul>\n<ol style=\"text-align: justify;\" start=\"3\">\n<li><strong> Cookies y datos de navegaci\u00f3n<\/strong><\/li>\n<\/ol>\n<p style=\"text-align: justify;\">Para obtener una descripci\u00f3n de los datos de navegaci\u00f3n y de las cookies presentes en el sitio web, consulte la informaci\u00f3n espec\u00edfica que lo integra y que se puede encontrar en el siguiente enlace:<span style=\"color: #3eab59;\"><a style=\"color: #3eab59;\" href=\"https:\/\/www.zum.it\/es\/cookies\/\" target=\"_blank\" rel=\"noopener\"> <strong>www.zum55.it\/cookies<\/strong><\/a><\/span><\/p>\n<p style=\"text-align: justify;\"><strong>M\u00e9todos de tratamiento<\/strong><\/p>\n<p style=\"text-align: justify;\">Protegemos tus datos personales adoptando medidas de seguridad y respetando los principios establecidos por el RGPD. Procesamos los datos personales recopilados solo durante el tiempo necesario para lograr los fines descritos anteriormente, con o sin la ayuda de herramientas electr\u00f3nicas y sistemas automatizados. No transferimos tus datos fuera del Espacio Econ\u00f3mico Europeo.<\/p>\n<p style=\"text-align: justify;\">Adem\u00e1s, sus datos no ser\u00e1n difundidos ni cedidos de ning\u00fan modo a sujetos indeterminados.<\/p>\n<p style=\"text-align: justify;\"><strong>Tus derechos<\/strong><\/p>\n<p style=\"text-align: justify;\">En su calidad de interesado, siempre podr\u00e1 ponerse en contacto con nosotros para ejercer los derechos previstos por el RGPD, que sean relevantes para el tipo de tratamiento descrito en esta informaci\u00f3n y en particular: solicitar confirmaci\u00f3n de la existencia de tratamiento de sus datos personales. en curso y obtener el acceso; solicitar y obtener la rectificaci\u00f3n si sus datos personales son inexactos, solicitar su cancelaci\u00f3n; en presencia de requisitos legales, solicitar la limitaci\u00f3n del tratamiento; lograr la portabilidad de los datos; oponerse al tratamiento, revocar el consentimiento previamente prestado. En cualquier caso, siempre ser\u00e1 posible ponerse en contacto con nosotros y ejercer sus derechos escribiendo a la direcci\u00f3n de correo electr\u00f3nico: <em>info@phacelia.it<\/em> o enviando una comunicaci\u00f3n a los datos de contacto indicados en la introducci\u00f3n.<\/p>\n<p style=\"text-align: justify;\">Finalmente, tiene derecho a presentar una queja ante el Garante para la protecci\u00f3n de datos personales si cree que el procesamiento viola sus derechos. Para m\u00e1s informaci\u00f3n puedes consultar la siguiente p\u00e1gina web: <span style=\"color: #3eab59;\"><span style=\"text-decoration: underline;\"><a style=\"color: #3eab59;\" href=\"https:\/\/www.garanteprivacy.it\/web\/guest\/home\/docweb\/-\/docweb-display\/docweb\/4535524\" target=\"_blank\" rel=\"noopener\"><strong>www.garanteprivacy.it\/docweb<\/strong><\/a><\/span>.<\/span><\/p>\n<p style=\"text-align: justify;\">Esta informaci\u00f3n puede estar sujeta a cambios y\/o revisiones. La versi\u00f3n actualizada ser\u00e1 publicada en esta secci\u00f3n y contendr\u00e1 la fecha de su \u00faltima actualizaci\u00f3n.<\/p>\n<p style=\"text-align: justify;\"><small><em>Versi\u00f3n de septiembre de 2022.<\/em><\/small><\/p>\n<\/div><\/div><\/div><\/div><\/div><\/div><\/div><\/div><\/div><\/section>","protected":false},"excerpt":{"rendered":"","protected":false},"author":6,"featured_media":0,"parent":0,"menu_order":0,"comment_status":"closed","ping_status":"closed","template":"","meta":[],"yoast_head":"<!-- This site is optimized with the Yoast SEO plugin v19.6.1 - https:\/\/yoast.com\/wordpress\/plugins\/seo\/ -->\n<title>Pol\u00edtica de privacidad - ZUM55<\/title>\n<meta name=\"robots\" content=\"index, follow, max-snippet:-1, max-image-preview:large, max-video-preview:-1\" \/>\n<link rel=\"canonical\" href=\"https:\/\/www.zum55.it\/es\/privacy-policy\/\" \/>\n<meta property=\"og:locale\" content=\"es_ES\" \/>\n<meta property=\"og:type\" content=\"article\" \/>\n<meta property=\"og:title\" content=\"Pol\u00edtica de privacidad - ZUM55\" \/>\n<meta property=\"og:url\" content=\"https:\/\/www.zum55.it\/es\/privacy-policy\/\" \/>\n<meta property=\"og:site_name\" content=\"ZUM55\" \/>\n<meta property=\"article:modified_time\" content=\"2024-03-12T11:22:29+00:00\" \/>\n<meta name=\"twitter:card\" content=\"summary_large_image\" \/>\n<meta name=\"twitter:label1\" content=\"Est. reading time\" \/>\n\t<meta name=\"twitter:data1\" content=\"6 minutos\" \/>\n<script type=\"application\/ld+json\" class=\"yoast-schema-graph\">{\"@context\":\"https:\/\/schema.org\",\"@graph\":[{\"@type\":\"WebPage\",\"@id\":\"https:\/\/www.zum55.it\/es\/privacy-policy\/\",\"url\":\"https:\/\/www.zum55.it\/es\/privacy-policy\/\",\"name\":\"Pol\u00edtica de privacidad - ZUM55\",\"isPartOf\":{\"@id\":\"https:\/\/www.zum55.it\/es\/#website\"},\"datePublished\":\"2022-07-21T13:17:02+00:00\",\"dateModified\":\"2024-03-12T11:22:29+00:00\",\"breadcrumb\":{\"@id\":\"https:\/\/www.zum55.it\/es\/privacy-policy\/#breadcrumb\"},\"inLanguage\":\"es\",\"potentialAction\":[{\"@type\":\"ReadAction\",\"target\":[\"https:\/\/www.zum55.it\/es\/privacy-policy\/\"]}]},{\"@type\":\"BreadcrumbList\",\"@id\":\"https:\/\/www.zum55.it\/es\/privacy-policy\/#breadcrumb\",\"itemListElement\":[{\"@type\":\"ListItem\",\"position\":1,\"name\":\"Home\",\"item\":\"https:\/\/www.zum55.it\/es\/\"},{\"@type\":\"ListItem\",\"position\":2,\"name\":\"Pol\u00edtica de privacidad\"}]},{\"@type\":\"WebSite\",\"@id\":\"https:\/\/www.zum55.it\/es\/#website\",\"url\":\"https:\/\/www.zum55.it\/es\/\",\"name\":\"ZUM55\",\"description\":\"Plataforma digital integrada\",\"potentialAction\":[{\"@type\":\"SearchAction\",\"target\":{\"@type\":\"EntryPoint\",\"urlTemplate\":\"https:\/\/www.zum55.it\/es\/?s={search_term_string}\"},\"query-input\":\"required name=search_term_string\"}],\"inLanguage\":\"es\"}]}<\/script>\n<!-- \/ Yoast SEO plugin. -->","yoast_head_json":{"title":"Pol\u00edtica de privacidad - ZUM55","robots":{"index":"index","follow":"follow","max-snippet":"max-snippet:-1","max-image-preview":"max-image-preview:large","max-video-preview":"max-video-preview:-1"},"canonical":"https:\/\/www.zum55.it\/es\/privacy-policy\/","og_locale":"es_ES","og_type":"article","og_title":"Pol\u00edtica de privacidad - ZUM55","og_url":"https:\/\/www.zum55.it\/es\/privacy-policy\/","og_site_name":"ZUM55","article_modified_time":"2024-03-12T11:22:29+00:00","twitter_card":"summary_large_image","twitter_misc":{"Est. reading time":"6 minutos"},"schema":{"@context":"https:\/\/schema.org","@graph":[{"@type":"WebPage","@id":"https:\/\/www.zum55.it\/es\/privacy-policy\/","url":"https:\/\/www.zum55.it\/es\/privacy-policy\/","name":"Pol\u00edtica de privacidad - ZUM55","isPartOf":{"@id":"https:\/\/www.zum55.it\/es\/#website"},"datePublished":"2022-07-21T13:17:02+00:00","dateModified":"2024-03-12T11:22:29+00:00","breadcrumb":{"@id":"https:\/\/www.zum55.it\/es\/privacy-policy\/#breadcrumb"},"inLanguage":"es","potentialAction":[{"@type":"ReadAction","target":["https:\/\/www.zum55.it\/es\/privacy-policy\/"]}]},{"@type":"BreadcrumbList","@id":"https:\/\/www.zum55.it\/es\/privacy-policy\/#breadcrumb","itemListElement":[{"@type":"ListItem","position":1,"name":"Home","item":"https:\/\/www.zum55.it\/es\/"},{"@type":"ListItem","position":2,"name":"Pol\u00edtica de privacidad"}]},{"@type":"WebSite","@id":"https:\/\/www.zum55.it\/es\/#website","url":"https:\/\/www.zum55.it\/es\/","name":"ZUM55","description":"Plataforma digital integrada","potentialAction":[{"@type":"SearchAction","target":{"@type":"EntryPoint","urlTemplate":"https:\/\/www.zum55.it\/es\/?s={search_term_string}"},"query-input":"required name=search_term_string"}],"inLanguage":"es"}]}},"_links":{"self":[{"href":"https:\/\/www.zum55.it\/es\/wp-json\/wp\/v2\/pages\/3"}],"collection":[{"href":"https:\/\/www.zum55.it\/es\/wp-json\/wp\/v2\/pages"}],"about":[{"href":"https:\/\/www.zum55.it\/es\/wp-json\/wp\/v2\/types\/page"}],"author":[{"embeddable":true,"href":"https:\/\/www.zum55.it\/es\/wp-json\/wp\/v2\/users\/6"}],"replies":[{"embeddable":true,"href":"https:\/\/www.zum55.it\/es\/wp-json\/wp\/v2\/comments?post=3"}],"version-history":[{"count":14,"href":"https:\/\/www.zum55.it\/es\/wp-json\/wp\/v2\/pages\/3\/revisions"}],"predecessor-version":[{"id":5315,"href":"https:\/\/www.zum55.it\/es\/wp-json\/wp\/v2\/pages\/3\/revisions\/5315"}],"wp:attachment":[{"href":"https:\/\/www.zum55.it\/es\/wp-json\/wp\/v2\/media?parent=3"}],"curies":[{"name":"wp","href":"https:\/\/api.w.org\/{rel}","templated":true}]}}